{"id":4915,"date":"2025-07-18T11:10:06","date_gmt":"2025-07-18T09:10:06","guid":{"rendered":"https:\/\/www.apfnhygiene.bzh\/?page_id=4915"},"modified":"2026-04-21T11:34:13","modified_gmt":"2026-04-21T09:34:13","slug":"laveuse-verticale-x1","status":"publish","type":"page","link":"https:\/\/www.apfnhygiene.bzh\/index.php\/laveuse-verticale-x1\/","title":{"rendered":"X1 &#8211; Laveuse verticale"},"content":{"rendered":"\t\t<div data-elementor-type=\"wp-page\" data-elementor-id=\"4915\" class=\"elementor elementor-4915\">\n\t\t\t\t\t\t<section class=\"elementor-section elementor-top-section elementor-element elementor-element-75f21ae7 elementor-section-boxed elementor-section-height-default elementor-section-height-default\" data-id=\"75f21ae7\" data-element_type=\"section\" data-e-type=\"section\">\n\t\t\t\t\t\t<div class=\"elementor-container elementor-column-gap-default\">\n\t\t\t\t\t<div class=\"elementor-column elementor-col-100 elementor-top-column elementor-element elementor-element-3942702e\" data-id=\"3942702e\" data-element_type=\"column\" data-e-type=\"column\">\n\t\t\t<div class=\"elementor-widget-wrap elementor-element-populated\">\n\t\t\t\t\t\t<div class=\"elementor-element elementor-element-ef173e4 elementor-widget elementor-widget-heading\" data-id=\"ef173e4\" data-element_type=\"widget\" data-e-type=\"widget\" data-widget_type=\"heading.default\">\n\t\t\t\t<div class=\"elementor-widget-container\">\n\t\t\t\t\t<h3 class=\"elementor-heading-title elementor-size-default\">X1 \u2013 La solution compacte pens\u00e9e pour le quotidien<\/h3>\t\t\t\t<\/div>\n\t\t\t\t<\/div>\n\t\t\t\t\t<\/div>\n\t\t<\/div>\n\t\t\t\t\t<\/div>\n\t\t<\/section>\n\t\t\t\t<section class=\"elementor-section elementor-top-section elementor-element elementor-element-6f229b9 elementor-section-boxed elementor-section-height-default elementor-section-height-default\" data-id=\"6f229b9\" data-element_type=\"section\" data-e-type=\"section\">\n\t\t\t\t\t\t<div class=\"elementor-container elementor-column-gap-default\">\n\t\t\t\t\t<div class=\"elementor-column elementor-col-50 elementor-top-column elementor-element elementor-element-4c4fab5\" data-id=\"4c4fab5\" data-element_type=\"column\" data-e-type=\"column\">\n\t\t\t<div class=\"elementor-widget-wrap elementor-element-populated\">\n\t\t\t\t\t\t<div class=\"elementor-element elementor-element-23b1d14 elementor-widget__width-initial elementor-widget elementor-widget-image\" data-id=\"23b1d14\" data-element_type=\"widget\" data-e-type=\"widget\" data-widget_type=\"image.default\">\n\t\t\t\t<div class=\"elementor-widget-container\">\n\t\t\t\t\t\t\t\t\t\t\t\t\t\t\t<img fetchpriority=\"high\" decoding=\"async\" data-attachment-id=\"4922\" data-permalink=\"https:\/\/www.apfnhygiene.bzh\/index.php\/laveuse-verticale\/excentrx1\/\" data-orig-file=\"https:\/\/i0.wp.com\/www.apfnhygiene.bzh\/wp-content\/uploads\/2025\/07\/EXCENTRX1.jpg?fit=1000%2C1000&amp;ssl=1\" data-orig-size=\"1000,1000\" data-comments-opened=\"1\" data-image-meta=\"{&quot;aperture&quot;:&quot;0&quot;,&quot;credit&quot;:&quot;&quot;,&quot;camera&quot;:&quot;&quot;,&quot;caption&quot;:&quot;&quot;,&quot;created_timestamp&quot;:&quot;0&quot;,&quot;copyright&quot;:&quot;&quot;,&quot;focal_length&quot;:&quot;0&quot;,&quot;iso&quot;:&quot;0&quot;,&quot;shutter_speed&quot;:&quot;0&quot;,&quot;title&quot;:&quot;&quot;,&quot;orientation&quot;:&quot;0&quot;}\" data-image-title=\"X1 &amp;#8211; EXCENTR &amp;#8211; laveuse verticale &amp;#8211; apfn hygi\u00e8ne\" data-image-description=\"\" data-image-caption=\"\" data-large-file=\"https:\/\/i0.wp.com\/www.apfnhygiene.bzh\/wp-content\/uploads\/2025\/07\/EXCENTRX1.jpg?fit=800%2C800&amp;ssl=1\" width=\"300\" height=\"300\" src=\"https:\/\/i0.wp.com\/www.apfnhygiene.bzh\/wp-content\/uploads\/2025\/07\/EXCENTRX1.jpg?fit=300%2C300&amp;ssl=1\" class=\"attachment-medium size-medium wp-image-4922\" alt=\"X1 - EXCENTR - laveuse verticale - apfn hygi\u00e8ne\" srcset=\"https:\/\/i0.wp.com\/www.apfnhygiene.bzh\/wp-content\/uploads\/2025\/07\/EXCENTRX1.jpg?w=1000&amp;ssl=1 1000w, https:\/\/i0.wp.com\/www.apfnhygiene.bzh\/wp-content\/uploads\/2025\/07\/EXCENTRX1.jpg?resize=300%2C300&amp;ssl=1 300w, https:\/\/i0.wp.com\/www.apfnhygiene.bzh\/wp-content\/uploads\/2025\/07\/EXCENTRX1.jpg?resize=150%2C150&amp;ssl=1 150w, https:\/\/i0.wp.com\/www.apfnhygiene.bzh\/wp-content\/uploads\/2025\/07\/EXCENTRX1.jpg?resize=768%2C768&amp;ssl=1 768w\" sizes=\"(max-width: 300px) 100vw, 300px\" data-attachment-id=\"4922\" data-permalink=\"https:\/\/www.apfnhygiene.bzh\/index.php\/laveuse-verticale\/excentrx1\/\" data-orig-file=\"https:\/\/i0.wp.com\/www.apfnhygiene.bzh\/wp-content\/uploads\/2025\/07\/EXCENTRX1.jpg?fit=1000%2C1000&amp;ssl=1\" data-orig-size=\"1000,1000\" data-comments-opened=\"1\" data-image-meta=\"{&quot;aperture&quot;:&quot;0&quot;,&quot;credit&quot;:&quot;&quot;,&quot;camera&quot;:&quot;&quot;,&quot;caption&quot;:&quot;&quot;,&quot;created_timestamp&quot;:&quot;0&quot;,&quot;copyright&quot;:&quot;&quot;,&quot;focal_length&quot;:&quot;0&quot;,&quot;iso&quot;:&quot;0&quot;,&quot;shutter_speed&quot;:&quot;0&quot;,&quot;title&quot;:&quot;&quot;,&quot;orientation&quot;:&quot;0&quot;}\" data-image-title=\"X1 &amp;#8211; EXCENTR &amp;#8211; laveuse verticale &amp;#8211; apfn hygi\u00e8ne\" data-image-description=\"\" data-image-caption=\"\" data-large-file=\"https:\/\/i0.wp.com\/www.apfnhygiene.bzh\/wp-content\/uploads\/2025\/07\/EXCENTRX1.jpg?fit=800%2C800&amp;ssl=1\" \/>\t\t\t\t\t\t\t\t\t\t\t\t\t\t\t<\/div>\n\t\t\t\t<\/div>\n\t\t\t\t\t<\/div>\n\t\t<\/div>\n\t\t\t\t<div class=\"elementor-column elementor-col-50 elementor-top-column elementor-element elementor-element-32724b7\" data-id=\"32724b7\" data-element_type=\"column\" data-e-type=\"column\">\n\t\t\t<div class=\"elementor-widget-wrap elementor-element-populated\">\n\t\t\t\t\t\t<div class=\"elementor-element elementor-element-f771cb8 elementor-widget elementor-widget-text-editor\" data-id=\"f771cb8\" data-element_type=\"widget\" data-e-type=\"widget\" data-widget_type=\"text-editor.default\">\n\t\t\t\t<div class=\"elementor-widget-container\">\n\t\t\t\t\t\t\t\t\t<p>La X1 red\u00e9finit les standards du nettoyage pour les petites et moyennes surfaces.<\/p>\n<p>Compacte et agile, elle offre la performance d\u2019une autolaveuse professionnelle dans un format l\u00e9ger, con\u00e7u pour acc\u00e9der facilement aux zones encombr\u00e9es ou \u00e9troites.&nbsp;<span style=\"letter-spacing: 0.2px;\">Son syst\u00e8me orbital assure un nettoyage r\u00e9gulier, homog\u00e8ne et efficace, notamment sur les sols durs. Il limite le besoin en pression et en produits chimiques, tout en garantissant une bonne qualit\u00e9 de r\u00e9sultat.<\/span><\/p>\n<p>Pens\u00e9e pour un usage quotidien, la X1 allie ergonomie, robustesse et simplicit\u00e9 d\u2019entretien.<\/p>\t\t\t\t\t\t\t\t<\/div>\n\t\t\t\t<\/div>\n\t\t\t\t\t<\/div>\n\t\t<\/div>\n\t\t\t\t\t<\/div>\n\t\t<\/section>\n\t\t\t\t<section class=\"elementor-section elementor-top-section elementor-element elementor-element-6deec4e elementor-section-boxed elementor-section-height-default elementor-section-height-default\" data-id=\"6deec4e\" data-element_type=\"section\" data-e-type=\"section\">\n\t\t\t\t\t\t<div class=\"elementor-container elementor-column-gap-default\">\n\t\t\t\t\t<div class=\"elementor-column elementor-col-100 elementor-top-column elementor-element elementor-element-ff83dff\" data-id=\"ff83dff\" data-element_type=\"column\" data-e-type=\"column\">\n\t\t\t<div class=\"elementor-widget-wrap elementor-element-populated\">\n\t\t\t\t\t\t<div class=\"elementor-element elementor-element-0801b69 elementor-widget elementor-widget-text-editor\" data-id=\"0801b69\" data-element_type=\"widget\" data-e-type=\"widget\" data-widget_type=\"text-editor.default\">\n\t\t\t\t<div class=\"elementor-widget-container\">\n\t\t\t\t\t\t\t\t\t<p><strong>Robuste et fiable :<\/strong><\/p><ul><li>Composants prot\u00e9g\u00e9s : bo\u00eetier de commande et moteur d\u2019aspiration \u00e9tanches + flotteur anti-d\u00e9bordement int\u00e9gr\u00e9<\/li><li>Pression personnalisable : jusqu\u2019\u00e0 33\u202fkg gr\u00e2ce \u00e0 l\u2019ajout de poids pour s\u2019adapter aux sols les plus exigeants\u00a0<\/li><li>Conception en aluminium : structure l\u00e9g\u00e8re et ultra-r\u00e9sistante<\/li><li>Moteurs brushless : durabilit\u00e9 renforc\u00e9e\u00a0<\/li><\/ul><div><span style=\"color: #727272;\">Deux batteries ind\u00e9pendantes assurent une autonomie jusqu&rsquo;\u00e0 90 minutes pour un nettoyage sans interruption.<\/span><\/div>\t\t\t\t\t\t\t\t<\/div>\n\t\t\t\t<\/div>\n\t\t\t\t<div class=\"elementor-element elementor-element-16c7a61 elementor-widget elementor-widget-video\" data-id=\"16c7a61\" data-element_type=\"widget\" data-e-type=\"widget\" data-settings=\"{&quot;youtube_url&quot;:&quot;https:\\\/\\\/www.youtube.com\\\/watch?v=y6SFHPw-4vM&quot;,&quot;video_type&quot;:&quot;youtube&quot;,&quot;controls&quot;:&quot;yes&quot;}\" data-widget_type=\"video.default\">\n\t\t\t\t<div class=\"elementor-widget-container\">\n\t\t\t\t\t\t\t<div class=\"elementor-wrapper elementor-open-inline\">\n\t\t\t<div class=\"elementor-video\"><\/div>\t\t<\/div>\n\t\t\t\t\t\t<\/div>\n\t\t\t\t<\/div>\n\t\t\t\t<div class=\"elementor-element elementor-element-abb6c32 elementor-widget elementor-widget-heading\" data-id=\"abb6c32\" data-element_type=\"widget\" data-e-type=\"widget\" data-widget_type=\"heading.default\">\n\t\t\t\t<div class=\"elementor-widget-container\">\n\t\t\t\t\t<h3 class=\"elementor-heading-title elementor-size-default\">Donn\u00e9es techniques<\/h3>\t\t\t\t<\/div>\n\t\t\t\t<\/div>\n\t\t\t\t\t<\/div>\n\t\t<\/div>\n\t\t\t\t\t<\/div>\n\t\t<\/section>\n\t\t\t\t<section class=\"elementor-section elementor-top-section elementor-element elementor-element-e3db7f9 elementor-section-boxed elementor-section-height-default elementor-section-height-default\" data-id=\"e3db7f9\" data-element_type=\"section\" data-e-type=\"section\">\n\t\t\t\t\t\t<div class=\"elementor-container elementor-column-gap-default\">\n\t\t\t\t\t<div class=\"elementor-column elementor-col-25 elementor-top-column elementor-element elementor-element-831788d\" data-id=\"831788d\" data-element_type=\"column\" data-e-type=\"column\">\n\t\t\t<div class=\"elementor-widget-wrap elementor-element-populated\">\n\t\t\t\t\t\t<div class=\"elementor-element elementor-element-480f3bc elementor-widget__width-initial elementor-widget elementor-widget-image\" data-id=\"480f3bc\" data-element_type=\"widget\" data-e-type=\"widget\" data-widget_type=\"image.default\">\n\t\t\t\t<div class=\"elementor-widget-container\">\n\t\t\t\t\t\t\t\t\t\t\t\t\t\t\t<img decoding=\"async\" data-attachment-id=\"4955\" data-permalink=\"https:\/\/www.apfnhygiene.bzh\/index.php\/2025\/07\/18\/x1-une-solution-compacte-pour-le-nettoyage-quotidien\/excentr-daily-x1-3-e1715079997557\/\" data-orig-file=\"https:\/\/i0.wp.com\/www.apfnhygiene.bzh\/wp-content\/uploads\/2025\/07\/Excentr-Daily-X1-3-e1715079997557.png?fit=553%2C1080&amp;ssl=1\" data-orig-size=\"553,1080\" data-comments-opened=\"1\" data-image-meta=\"{&quot;aperture&quot;:&quot;0&quot;,&quot;credit&quot;:&quot;&quot;,&quot;camera&quot;:&quot;&quot;,&quot;caption&quot;:&quot;&quot;,&quot;created_timestamp&quot;:&quot;0&quot;,&quot;copyright&quot;:&quot;&quot;,&quot;focal_length&quot;:&quot;0&quot;,&quot;iso&quot;:&quot;0&quot;,&quot;shutter_speed&quot;:&quot;0&quot;,&quot;title&quot;:&quot;&quot;,&quot;orientation&quot;:&quot;0&quot;}\" data-image-title=\"X1 &amp;#8211; EXCENTR &amp;#8211; laveuse verticale &amp;#8211; apfn hygi\u00e8ne\" data-image-description=\"\" data-image-caption=\"\" data-large-file=\"https:\/\/i0.wp.com\/www.apfnhygiene.bzh\/wp-content\/uploads\/2025\/07\/Excentr-Daily-X1-3-e1715079997557.png?fit=524%2C1024&amp;ssl=1\" width=\"524\" height=\"1024\" src=\"https:\/\/i0.wp.com\/www.apfnhygiene.bzh\/wp-content\/uploads\/2025\/07\/Excentr-Daily-X1-3-e1715079997557.png?fit=524%2C1024&amp;ssl=1\" class=\"attachment-large size-large wp-image-4955\" alt=\"X1 - EXCENTR - laveuse verticale - apfn hygi\u00e8ne\" srcset=\"https:\/\/i0.wp.com\/www.apfnhygiene.bzh\/wp-content\/uploads\/2025\/07\/Excentr-Daily-X1-3-e1715079997557.png?w=553&amp;ssl=1 553w, https:\/\/i0.wp.com\/www.apfnhygiene.bzh\/wp-content\/uploads\/2025\/07\/Excentr-Daily-X1-3-e1715079997557.png?resize=154%2C300&amp;ssl=1 154w, https:\/\/i0.wp.com\/www.apfnhygiene.bzh\/wp-content\/uploads\/2025\/07\/Excentr-Daily-X1-3-e1715079997557.png?resize=524%2C1024&amp;ssl=1 524w\" sizes=\"(max-width: 524px) 100vw, 524px\" data-attachment-id=\"4955\" data-permalink=\"https:\/\/www.apfnhygiene.bzh\/index.php\/2025\/07\/18\/x1-une-solution-compacte-pour-le-nettoyage-quotidien\/excentr-daily-x1-3-e1715079997557\/\" data-orig-file=\"https:\/\/i0.wp.com\/www.apfnhygiene.bzh\/wp-content\/uploads\/2025\/07\/Excentr-Daily-X1-3-e1715079997557.png?fit=553%2C1080&amp;ssl=1\" data-orig-size=\"553,1080\" data-comments-opened=\"1\" data-image-meta=\"{&quot;aperture&quot;:&quot;0&quot;,&quot;credit&quot;:&quot;&quot;,&quot;camera&quot;:&quot;&quot;,&quot;caption&quot;:&quot;&quot;,&quot;created_timestamp&quot;:&quot;0&quot;,&quot;copyright&quot;:&quot;&quot;,&quot;focal_length&quot;:&quot;0&quot;,&quot;iso&quot;:&quot;0&quot;,&quot;shutter_speed&quot;:&quot;0&quot;,&quot;title&quot;:&quot;&quot;,&quot;orientation&quot;:&quot;0&quot;}\" data-image-title=\"X1 &amp;#8211; EXCENTR &amp;#8211; laveuse verticale &amp;#8211; apfn hygi\u00e8ne\" data-image-description=\"\" data-image-caption=\"\" data-large-file=\"https:\/\/i0.wp.com\/www.apfnhygiene.bzh\/wp-content\/uploads\/2025\/07\/Excentr-Daily-X1-3-e1715079997557.png?fit=524%2C1024&amp;ssl=1\" \/>\t\t\t\t\t\t\t\t\t\t\t\t\t\t\t<\/div>\n\t\t\t\t<\/div>\n\t\t\t\t\t<\/div>\n\t\t<\/div>\n\t\t\t\t<div class=\"elementor-column elementor-col-25 elementor-top-column elementor-element elementor-element-2989282\" data-id=\"2989282\" data-element_type=\"column\" data-e-type=\"column\">\n\t\t\t<div class=\"elementor-widget-wrap elementor-element-populated\">\n\t\t\t\t\t\t<div class=\"elementor-element elementor-element-85c8619 elementor-widget__width-initial elementor-widget elementor-widget-image\" data-id=\"85c8619\" data-element_type=\"widget\" data-e-type=\"widget\" data-widget_type=\"image.default\">\n\t\t\t\t<div class=\"elementor-widget-container\">\n\t\t\t\t\t\t\t\t\t\t\t\t\t\t\t<img decoding=\"async\" data-attachment-id=\"4956\" data-permalink=\"https:\/\/www.apfnhygiene.bzh\/index.php\/2025\/07\/18\/x1-une-solution-compacte-pour-le-nettoyage-quotidien\/excentr-daily-x1-8-e1715080146357\/\" data-orig-file=\"https:\/\/i0.wp.com\/www.apfnhygiene.bzh\/wp-content\/uploads\/2025\/07\/Excentr-Daily-X1-8-e1715080146357.png?fit=1080%2C1920&amp;ssl=1\" data-orig-size=\"1080,1920\" data-comments-opened=\"1\" data-image-meta=\"{&quot;aperture&quot;:&quot;0&quot;,&quot;credit&quot;:&quot;&quot;,&quot;camera&quot;:&quot;&quot;,&quot;caption&quot;:&quot;&quot;,&quot;created_timestamp&quot;:&quot;0&quot;,&quot;copyright&quot;:&quot;&quot;,&quot;focal_length&quot;:&quot;0&quot;,&quot;iso&quot;:&quot;0&quot;,&quot;shutter_speed&quot;:&quot;0&quot;,&quot;title&quot;:&quot;&quot;,&quot;orientation&quot;:&quot;0&quot;}\" data-image-title=\"X1 &amp;#8211; EXCENTR &amp;#8211; laveuse verticale &amp;#8211; apfn hygi\u00e8ne\" data-image-description=\"\" data-image-caption=\"\" data-large-file=\"https:\/\/i0.wp.com\/www.apfnhygiene.bzh\/wp-content\/uploads\/2025\/07\/Excentr-Daily-X1-8-e1715080146357.png?fit=576%2C1024&amp;ssl=1\" width=\"576\" height=\"1024\" src=\"https:\/\/i0.wp.com\/www.apfnhygiene.bzh\/wp-content\/uploads\/2025\/07\/Excentr-Daily-X1-8-e1715080146357.png?fit=576%2C1024&amp;ssl=1\" class=\"attachment-large size-large wp-image-4956\" alt=\"X1 - EXCENTR - laveuse verticale - apfn hygi\u00e8ne\" srcset=\"https:\/\/i0.wp.com\/www.apfnhygiene.bzh\/wp-content\/uploads\/2025\/07\/Excentr-Daily-X1-8-e1715080146357.png?w=1080&amp;ssl=1 1080w, https:\/\/i0.wp.com\/www.apfnhygiene.bzh\/wp-content\/uploads\/2025\/07\/Excentr-Daily-X1-8-e1715080146357.png?resize=169%2C300&amp;ssl=1 169w, https:\/\/i0.wp.com\/www.apfnhygiene.bzh\/wp-content\/uploads\/2025\/07\/Excentr-Daily-X1-8-e1715080146357.png?resize=576%2C1024&amp;ssl=1 576w, https:\/\/i0.wp.com\/www.apfnhygiene.bzh\/wp-content\/uploads\/2025\/07\/Excentr-Daily-X1-8-e1715080146357.png?resize=768%2C1365&amp;ssl=1 768w, https:\/\/i0.wp.com\/www.apfnhygiene.bzh\/wp-content\/uploads\/2025\/07\/Excentr-Daily-X1-8-e1715080146357.png?resize=864%2C1536&amp;ssl=1 864w\" sizes=\"(max-width: 576px) 100vw, 576px\" data-attachment-id=\"4956\" data-permalink=\"https:\/\/www.apfnhygiene.bzh\/index.php\/2025\/07\/18\/x1-une-solution-compacte-pour-le-nettoyage-quotidien\/excentr-daily-x1-8-e1715080146357\/\" data-orig-file=\"https:\/\/i0.wp.com\/www.apfnhygiene.bzh\/wp-content\/uploads\/2025\/07\/Excentr-Daily-X1-8-e1715080146357.png?fit=1080%2C1920&amp;ssl=1\" data-orig-size=\"1080,1920\" data-comments-opened=\"1\" data-image-meta=\"{&quot;aperture&quot;:&quot;0&quot;,&quot;credit&quot;:&quot;&quot;,&quot;camera&quot;:&quot;&quot;,&quot;caption&quot;:&quot;&quot;,&quot;created_timestamp&quot;:&quot;0&quot;,&quot;copyright&quot;:&quot;&quot;,&quot;focal_length&quot;:&quot;0&quot;,&quot;iso&quot;:&quot;0&quot;,&quot;shutter_speed&quot;:&quot;0&quot;,&quot;title&quot;:&quot;&quot;,&quot;orientation&quot;:&quot;0&quot;}\" data-image-title=\"X1 &amp;#8211; EXCENTR &amp;#8211; laveuse verticale &amp;#8211; apfn hygi\u00e8ne\" data-image-description=\"\" data-image-caption=\"\" data-large-file=\"https:\/\/i0.wp.com\/www.apfnhygiene.bzh\/wp-content\/uploads\/2025\/07\/Excentr-Daily-X1-8-e1715080146357.png?fit=576%2C1024&amp;ssl=1\" \/>\t\t\t\t\t\t\t\t\t\t\t\t\t\t\t<\/div>\n\t\t\t\t<\/div>\n\t\t\t\t\t<\/div>\n\t\t<\/div>\n\t\t\t\t<div class=\"elementor-column elementor-col-50 elementor-top-column elementor-element elementor-element-2447a8a\" data-id=\"2447a8a\" data-element_type=\"column\" data-e-type=\"column\">\n\t\t\t<div class=\"elementor-widget-wrap elementor-element-populated\">\n\t\t\t\t\t\t<div class=\"elementor-element elementor-element-aef9d2f elementor-widget elementor-widget-text-editor\" data-id=\"aef9d2f\" data-element_type=\"widget\" data-e-type=\"widget\" data-widget_type=\"text-editor.default\">\n\t\t\t\t<div class=\"elementor-widget-container\">\n\t\t\t\t\t\t\t\t\t<ul><li>Performance : 1 800 m\u00b2\/h&nbsp;<\/li>\n<li>Largeur de travail : 45 cm<\/li>\n<li>Moteurs de brosse : 2 x 200 W<\/li>\n<li>Vitesse des brosses : 200 tr\/min (mode standard) \/ 400 tr\/min (mode Rocket)<\/li>\n<li>Pression des brosses : 23 kg (standard), jusqu\u2019\u00e0 33 kg avec poids suppl\u00e9mentaires<\/li>\n<li>R\u00e9servoirs : 5 L (eau propre) \/ 9 L (eaux us\u00e9es)<\/li>\n<li>Moteur d\u2019aspiration : 200 W, moteur \u00e9tanche<\/li>\n<li>Alimentation \/ traction : Batteries Li-Ion 2 x 18V \u2013 fonctionnement manuel<\/li>\n<li>Poids sans batteries : 15 kg (possibilit\u00e9 d\u2019ajouter 2 x 5 kg)<\/li>\n<\/ul>\t\t\t\t\t\t\t\t<\/div>\n\t\t\t\t<\/div>\n\t\t\t\t\t<\/div>\n\t\t<\/div>\n\t\t\t\t\t<\/div>\n\t\t<\/section>\n\t\t\t\t<section class=\"elementor-section elementor-top-section elementor-element elementor-element-bb46991 elementor-section-boxed elementor-section-height-default elementor-section-height-default\" data-id=\"bb46991\" data-element_type=\"section\" data-e-type=\"section\">\n\t\t\t\t\t\t<div class=\"elementor-container elementor-column-gap-default\">\n\t\t\t\t\t<div class=\"elementor-column elementor-col-100 elementor-top-column elementor-element elementor-element-9f4ec19\" data-id=\"9f4ec19\" data-element_type=\"column\" data-e-type=\"column\">\n\t\t\t<div class=\"elementor-widget-wrap elementor-element-populated\">\n\t\t\t\t\t\t<div class=\"elementor-element elementor-element-87f2de8 elementor-widget elementor-widget-heading\" data-id=\"87f2de8\" data-element_type=\"widget\" data-e-type=\"widget\" data-widget_type=\"heading.default\">\n\t\t\t\t<div class=\"elementor-widget-container\">\n\t\t\t\t\t<h3 class=\"elementor-heading-title elementor-size-default\">Fiches techniques<\/h3>\t\t\t\t<\/div>\n\t\t\t\t<\/div>\n\t\t\t\t<div class=\"elementor-element elementor-element-bc8eb2f elementor-widget elementor-widget-text-editor\" data-id=\"bc8eb2f\" data-element_type=\"widget\" data-e-type=\"widget\" data-widget_type=\"text-editor.default\">\n\t\t\t\t<div class=\"elementor-widget-container\">\n\t\t\t\t\t\t\t\t\t<p><a href=\"https:\/\/www.apfnhygiene.bzh\/wp-content\/uploads\/2025\/07\/FT-Excentr-X1.pdf\" target=\"_blank\" rel=\"noopener\">Fiches Techniques &#8211; Excentr X1<\/a><\/p>\t\t\t\t\t\t\t\t<\/div>\n\t\t\t\t<\/div>\n\t\t\t\t\t<\/div>\n\t\t<\/div>\n\t\t\t\t\t<\/div>\n\t\t<\/section>\n\t\t\t\t<\/div>\n\t\t","protected":false},"excerpt":{"rendered":"<p>X1 \u2013 La solution compacte pens\u00e9e pour le quotidien La X1 red\u00e9finit les standards du nettoyage pour les petites et moyennes surfaces. Compacte et agile, elle offre la performance d\u2019une autolaveuse professionnelle dans un format l\u00e9ger, con\u00e7u pour acc\u00e9der facilement aux zones encombr\u00e9es ou \u00e9troites.&nbsp;Son syst\u00e8me orbital assure un nettoyage r\u00e9gulier, homog\u00e8ne et efficace, notamment [&hellip;]<\/p>\n","protected":false},"author":2,"featured_media":0,"parent":0,"menu_order":0,"comment_status":"closed","ping_status":"closed","template":"","meta":{"jetpack_post_was_ever_published":false,"footnotes":""},"class_list":["post-4915","page","type-page","status-publish","hentry"],"yoast_head":"<!-- This site is optimized with the Yoast SEO plugin v27.5 - https:\/\/yoast.com\/product\/yoast-seo-wordpress\/ -->\n<title>X1 - Laveuse verticale - apfn hygi\u00e8ne<\/title>\n<meta name=\"description\" content=\"La laveuse verticale X1 compacte et performante id\u00e9ale pour le nettoyage quotidien des petites et moyennes surfaces. Ergonomique, robuste et autonome, elle garantit un nettoyage efficace et \u00e9cologique.\" \/>\n<meta name=\"robots\" content=\"index, follow, max-snippet:-1, max-image-preview:large, max-video-preview:-1\" \/>\n<link rel=\"canonical\" href=\"https:\/\/www.apfnhygiene.bzh\/index.php\/laveuse-verticale-x1\/\" \/>\n<meta property=\"og:locale\" content=\"fr_FR\" \/>\n<meta property=\"og:type\" content=\"article\" \/>\n<meta property=\"og:title\" content=\"X1 - Laveuse verticale - apfn hygi\u00e8ne\" \/>\n<meta property=\"og:description\" content=\"La laveuse verticale X1 compacte et performante id\u00e9ale pour le nettoyage quotidien des petites et moyennes surfaces. Ergonomique, robuste et autonome, elle garantit un nettoyage efficace et \u00e9cologique.\" \/>\n<meta property=\"og:url\" content=\"https:\/\/www.apfnhygiene.bzh\/index.php\/laveuse-verticale-x1\/\" \/>\n<meta property=\"og:site_name\" content=\"apfn hygi\u00e8ne\" \/>\n<meta property=\"article:publisher\" content=\"https:\/\/www.facebook.com\/apfn-hygi%c3%a8ne-145838925596381\/?ref=bookmarks\" \/>\n<meta property=\"article:modified_time\" content=\"2026-04-21T09:34:13+00:00\" \/>\n<meta property=\"og:image\" content=\"https:\/\/www.apfnhygiene.bzh\/wp-content\/uploads\/2025\/07\/EXCENTRX1-300x300.jpg\" \/>\n<meta name=\"twitter:card\" content=\"summary_large_image\" \/>\n<meta name=\"twitter:label1\" content=\"Dur\u00e9e de lecture estim\u00e9e\" \/>\n\t<meta name=\"twitter:data1\" content=\"2 minutes\" \/>\n<script type=\"application\/ld+json\" class=\"yoast-schema-graph\">{\"@context\":\"https:\\\/\\\/schema.org\",\"@graph\":[{\"@type\":\"WebPage\",\"@id\":\"https:\\\/\\\/www.apfnhygiene.bzh\\\/index.php\\\/laveuse-verticale-x1\\\/\",\"url\":\"https:\\\/\\\/www.apfnhygiene.bzh\\\/index.php\\\/laveuse-verticale-x1\\\/\",\"name\":\"X1 - Laveuse verticale - apfn hygi\u00e8ne\",\"isPartOf\":{\"@id\":\"https:\\\/\\\/www.apfnhygiene.bzh\\\/#website\"},\"primaryImageOfPage\":{\"@id\":\"https:\\\/\\\/www.apfnhygiene.bzh\\\/index.php\\\/laveuse-verticale-x1\\\/#primaryimage\"},\"image\":{\"@id\":\"https:\\\/\\\/www.apfnhygiene.bzh\\\/index.php\\\/laveuse-verticale-x1\\\/#primaryimage\"},\"thumbnailUrl\":\"https:\\\/\\\/www.apfnhygiene.bzh\\\/wp-content\\\/uploads\\\/2025\\\/07\\\/EXCENTRX1-300x300.jpg\",\"datePublished\":\"2025-07-18T09:10:06+00:00\",\"dateModified\":\"2026-04-21T09:34:13+00:00\",\"description\":\"La laveuse verticale X1 compacte et performante id\u00e9ale pour le nettoyage quotidien des petites et moyennes surfaces. Ergonomique, robuste et autonome, elle garantit un nettoyage efficace et \u00e9cologique.\",\"breadcrumb\":{\"@id\":\"https:\\\/\\\/www.apfnhygiene.bzh\\\/index.php\\\/laveuse-verticale-x1\\\/#breadcrumb\"},\"inLanguage\":\"fr-FR\",\"potentialAction\":[{\"@type\":\"ReadAction\",\"target\":[\"https:\\\/\\\/www.apfnhygiene.bzh\\\/index.php\\\/laveuse-verticale-x1\\\/\"]}]},{\"@type\":\"ImageObject\",\"inLanguage\":\"fr-FR\",\"@id\":\"https:\\\/\\\/www.apfnhygiene.bzh\\\/index.php\\\/laveuse-verticale-x1\\\/#primaryimage\",\"url\":\"https:\\\/\\\/i0.wp.com\\\/www.apfnhygiene.bzh\\\/wp-content\\\/uploads\\\/2025\\\/07\\\/EXCENTRX1.jpg?fit=1000%2C1000&ssl=1\",\"contentUrl\":\"https:\\\/\\\/i0.wp.com\\\/www.apfnhygiene.bzh\\\/wp-content\\\/uploads\\\/2025\\\/07\\\/EXCENTRX1.jpg?fit=1000%2C1000&ssl=1\",\"width\":1000,\"height\":1000,\"caption\":\"X1 - EXCENTR - laveuse verticale - apfn hygi\u00e8ne\"},{\"@type\":\"BreadcrumbList\",\"@id\":\"https:\\\/\\\/www.apfnhygiene.bzh\\\/index.php\\\/laveuse-verticale-x1\\\/#breadcrumb\",\"itemListElement\":[{\"@type\":\"ListItem\",\"position\":1,\"name\":\"Accueil\",\"item\":\"https:\\\/\\\/www.apfnhygiene.bzh\\\/\"},{\"@type\":\"ListItem\",\"position\":2,\"name\":\"X1 &#8211; Laveuse verticale\"}]},{\"@type\":\"WebSite\",\"@id\":\"https:\\\/\\\/www.apfnhygiene.bzh\\\/#website\",\"url\":\"https:\\\/\\\/www.apfnhygiene.bzh\\\/\",\"name\":\"apfn hygi\u00e8ne\",\"description\":\"\",\"publisher\":{\"@id\":\"https:\\\/\\\/www.apfnhygiene.bzh\\\/#organization\"},\"potentialAction\":[{\"@type\":\"SearchAction\",\"target\":{\"@type\":\"EntryPoint\",\"urlTemplate\":\"https:\\\/\\\/www.apfnhygiene.bzh\\\/?s={search_term_string}\"},\"query-input\":{\"@type\":\"PropertyValueSpecification\",\"valueRequired\":true,\"valueName\":\"search_term_string\"}}],\"inLanguage\":\"fr-FR\"},{\"@type\":\"Organization\",\"@id\":\"https:\\\/\\\/www.apfnhygiene.bzh\\\/#organization\",\"name\":\"apfn hygi\u00e8ne\",\"url\":\"https:\\\/\\\/www.apfnhygiene.bzh\\\/\",\"logo\":{\"@type\":\"ImageObject\",\"inLanguage\":\"fr-FR\",\"@id\":\"https:\\\/\\\/www.apfnhygiene.bzh\\\/#\\\/schema\\\/logo\\\/image\\\/\",\"url\":\"https:\\\/\\\/i0.wp.com\\\/www.apfnhygiene.bzh\\\/wp-content\\\/uploads\\\/2026\\\/01\\\/cropped-logo-apfn.png?fit=512%2C379&ssl=1\",\"contentUrl\":\"https:\\\/\\\/i0.wp.com\\\/www.apfnhygiene.bzh\\\/wp-content\\\/uploads\\\/2026\\\/01\\\/cropped-logo-apfn.png?fit=512%2C379&ssl=1\",\"width\":512,\"height\":379,\"caption\":\"apfn hygi\u00e8ne\"},\"image\":{\"@id\":\"https:\\\/\\\/www.apfnhygiene.bzh\\\/#\\\/schema\\\/logo\\\/image\\\/\"},\"sameAs\":[\"https:\\\/\\\/www.facebook.com\\\/apfn-hygi\u00e8ne-145838925596381\\\/?ref=bookmarks\",\"https:\\\/\\\/www.instagram.com\\\/apfnhygiene\\\/\",\"https:\\\/\\\/www.linkedin.com\\\/company\\\/11267053\\\/admin\\\/updates\\\/\"]}]}<\/script>\n<!-- \/ Yoast SEO plugin. -->","yoast_head_json":{"title":"X1 - Laveuse verticale - apfn hygi\u00e8ne","description":"La laveuse verticale X1 compacte et performante id\u00e9ale pour le nettoyage quotidien des petites et moyennes surfaces. Ergonomique, robuste et autonome, elle garantit un nettoyage efficace et \u00e9cologique.","robots":{"index":"index","follow":"follow","max-snippet":"max-snippet:-1","max-image-preview":"max-image-preview:large","max-video-preview":"max-video-preview:-1"},"canonical":"https:\/\/www.apfnhygiene.bzh\/index.php\/laveuse-verticale-x1\/","og_locale":"fr_FR","og_type":"article","og_title":"X1 - Laveuse verticale - apfn hygi\u00e8ne","og_description":"La laveuse verticale X1 compacte et performante id\u00e9ale pour le nettoyage quotidien des petites et moyennes surfaces. Ergonomique, robuste et autonome, elle garantit un nettoyage efficace et \u00e9cologique.","og_url":"https:\/\/www.apfnhygiene.bzh\/index.php\/laveuse-verticale-x1\/","og_site_name":"apfn hygi\u00e8ne","article_publisher":"https:\/\/www.facebook.com\/apfn-hygi%c3%a8ne-145838925596381\/?ref=bookmarks","article_modified_time":"2026-04-21T09:34:13+00:00","og_image":[{"url":"https:\/\/www.apfnhygiene.bzh\/wp-content\/uploads\/2025\/07\/EXCENTRX1-300x300.jpg","type":"","width":"","height":""}],"twitter_card":"summary_large_image","twitter_misc":{"Dur\u00e9e de lecture estim\u00e9e":"2 minutes"},"schema":{"@context":"https:\/\/schema.org","@graph":[{"@type":"WebPage","@id":"https:\/\/www.apfnhygiene.bzh\/index.php\/laveuse-verticale-x1\/","url":"https:\/\/www.apfnhygiene.bzh\/index.php\/laveuse-verticale-x1\/","name":"X1 - Laveuse verticale - apfn hygi\u00e8ne","isPartOf":{"@id":"https:\/\/www.apfnhygiene.bzh\/#website"},"primaryImageOfPage":{"@id":"https:\/\/www.apfnhygiene.bzh\/index.php\/laveuse-verticale-x1\/#primaryimage"},"image":{"@id":"https:\/\/www.apfnhygiene.bzh\/index.php\/laveuse-verticale-x1\/#primaryimage"},"thumbnailUrl":"https:\/\/www.apfnhygiene.bzh\/wp-content\/uploads\/2025\/07\/EXCENTRX1-300x300.jpg","datePublished":"2025-07-18T09:10:06+00:00","dateModified":"2026-04-21T09:34:13+00:00","description":"La laveuse verticale X1 compacte et performante id\u00e9ale pour le nettoyage quotidien des petites et moyennes surfaces. Ergonomique, robuste et autonome, elle garantit un nettoyage efficace et \u00e9cologique.","breadcrumb":{"@id":"https:\/\/www.apfnhygiene.bzh\/index.php\/laveuse-verticale-x1\/#breadcrumb"},"inLanguage":"fr-FR","potentialAction":[{"@type":"ReadAction","target":["https:\/\/www.apfnhygiene.bzh\/index.php\/laveuse-verticale-x1\/"]}]},{"@type":"ImageObject","inLanguage":"fr-FR","@id":"https:\/\/www.apfnhygiene.bzh\/index.php\/laveuse-verticale-x1\/#primaryimage","url":"https:\/\/i0.wp.com\/www.apfnhygiene.bzh\/wp-content\/uploads\/2025\/07\/EXCENTRX1.jpg?fit=1000%2C1000&ssl=1","contentUrl":"https:\/\/i0.wp.com\/www.apfnhygiene.bzh\/wp-content\/uploads\/2025\/07\/EXCENTRX1.jpg?fit=1000%2C1000&ssl=1","width":1000,"height":1000,"caption":"X1 - EXCENTR - laveuse verticale - apfn hygi\u00e8ne"},{"@type":"BreadcrumbList","@id":"https:\/\/www.apfnhygiene.bzh\/index.php\/laveuse-verticale-x1\/#breadcrumb","itemListElement":[{"@type":"ListItem","position":1,"name":"Accueil","item":"https:\/\/www.apfnhygiene.bzh\/"},{"@type":"ListItem","position":2,"name":"X1 &#8211; Laveuse verticale"}]},{"@type":"WebSite","@id":"https:\/\/www.apfnhygiene.bzh\/#website","url":"https:\/\/www.apfnhygiene.bzh\/","name":"apfn hygi\u00e8ne","description":"","publisher":{"@id":"https:\/\/www.apfnhygiene.bzh\/#organization"},"potentialAction":[{"@type":"SearchAction","target":{"@type":"EntryPoint","urlTemplate":"https:\/\/www.apfnhygiene.bzh\/?s={search_term_string}"},"query-input":{"@type":"PropertyValueSpecification","valueRequired":true,"valueName":"search_term_string"}}],"inLanguage":"fr-FR"},{"@type":"Organization","@id":"https:\/\/www.apfnhygiene.bzh\/#organization","name":"apfn hygi\u00e8ne","url":"https:\/\/www.apfnhygiene.bzh\/","logo":{"@type":"ImageObject","inLanguage":"fr-FR","@id":"https:\/\/www.apfnhygiene.bzh\/#\/schema\/logo\/image\/","url":"https:\/\/i0.wp.com\/www.apfnhygiene.bzh\/wp-content\/uploads\/2026\/01\/cropped-logo-apfn.png?fit=512%2C379&ssl=1","contentUrl":"https:\/\/i0.wp.com\/www.apfnhygiene.bzh\/wp-content\/uploads\/2026\/01\/cropped-logo-apfn.png?fit=512%2C379&ssl=1","width":512,"height":379,"caption":"apfn hygi\u00e8ne"},"image":{"@id":"https:\/\/www.apfnhygiene.bzh\/#\/schema\/logo\/image\/"},"sameAs":["https:\/\/www.facebook.com\/apfn-hygi\u00e8ne-145838925596381\/?ref=bookmarks","https:\/\/www.instagram.com\/apfnhygiene\/","https:\/\/www.linkedin.com\/company\/11267053\/admin\/updates\/"]}]}},"jetpack_sharing_enabled":true,"jetpack_shortlink":"https:\/\/wp.me\/P99amg-1hh","jetpack-related-posts":[{"id":1323,"url":"https:\/\/www.apfnhygiene.bzh\/index.php\/space-vac-2\/","url_meta":{"origin":4915,"position":0},"title":"SPACE VAC","author":"C\u00e9line Geffroy","date":"4 avril 2018","format":false,"excerpt":"SPACE VAC : une solution pour le nettoyage en hauteur ! Le syst\u00e8me de nettoyage en hauteur Space Vac est une r\u00e9volution dans le domaine\u00a0du nettoyage.\u00a0Il offre aux op\u00e9rateurs une\u00a0m\u00e9thode rapide et s\u00fbre de\u00a0nettoyage jusqu'\u00e0 12 m\u00e8tres de\u00a0hauteur. Il ne n\u00e9cessite donc plus l'utilisation d'\u00e9chafaudages, d'\u00e9chelles ou de nacelles.\u00a0\u00a0En plus\u2026","rel":"","context":"Article similaire","block_context":{"text":"Article similaire","link":""},"img":{"alt_text":"","src":"https:\/\/i0.wp.com\/www.apfnhygiene.bzh\/wp-content\/uploads\/2022\/03\/hqdefault-2.jpg?resize=350%2C200&ssl=1","width":350,"height":200},"classes":[]},{"id":892,"url":"https:\/\/www.apfnhygiene.bzh\/index.php\/handy\/","url_meta":{"origin":4915,"position":1},"title":"Mini Brosse HANDY","author":"C\u00e9line Geffroy","date":"6 octobre 2017","format":false,"excerpt":"La Mini brosse HANDY : compacte et durable La Mini brosse Handy, tr\u00e8s compacte et durable, est imperm\u00e9able \u00e0 l'eau. Avec son design, elle est id\u00e9ale pour une utilisation dans les cuisines, les salles de bains, les v\u00e9hicules. Sa conception ergonomique permet \u00e0 l'utilisateur de travailler efficacement et confortablement sans\u2026","rel":"","context":"Article similaire","block_context":{"text":"Article similaire","link":""},"img":{"alt_text":"motorscrubber-distrubuteur-apfn hygi\u00e8ne","src":"https:\/\/i0.wp.com\/www.apfnhygiene.bzh\/wp-content\/uploads\/2017\/10\/index-300x134.png?resize=350%2C200&ssl=1","width":350,"height":200},"classes":[]},{"id":4475,"url":"https:\/\/www.apfnhygiene.bzh\/index.php\/autolaveuse-compacte-a-batterie-genie-xs\/","url_meta":{"origin":4915,"position":2},"title":"Autolaveuse \u00e0 batterie &#8211; GENIE XS","author":"C\u00e9line Geffroy","date":"6 juillet 2022","format":false,"excerpt":"Autolaveuse compacte \u00e0 batterie - GENIE XS La Genie XS est l\u2019autolaveuse r\u00e9volutionnaire qui permet de nettoyer avec une agilit\u00e9 extr\u00eame les espaces r\u00e9duits et encombr\u00e9s. Elle est aliment\u00e9e par une batterie lithium-ion qui permet de r\u00e9utiliser la machine pour plusieurs interventions, br\u00e8ves et cibl\u00e9es dans la m\u00eame journ\u00e9e. Le\u2026","rel":"","context":"Article similaire","block_context":{"text":"Article similaire","link":""},"img":{"alt_text":"","src":"https:\/\/i0.wp.com\/www.apfnhygiene.bzh\/wp-content\/uploads\/2022\/05\/logo-fimap-300x110.png?resize=350%2C200&ssl=1","width":350,"height":200},"classes":[]},{"id":5748,"url":"https:\/\/www.apfnhygiene.bzh\/index.php\/jmx\/","url_meta":{"origin":4915,"position":3},"title":"JMX","author":"C\u00e9line Geffroy","date":"5 mars 2026","format":false,"excerpt":"Gamme Fimap JMX : La Performance au service de la Propret\u00e9 La s\u00e9rie Fimap JMX repr\u00e9sente l'\u00e9quilibre parfait entre robustesse industrielle et simplicit\u00e9 d'utilisation. Con\u00e7ue pour r\u00e9pondre aux exigences des professionnels du nettoyage, cette gamme d'autolaveuses accompagn\u00e9es se distingue par sa fiabilit\u00e9 \u00e0 toute \u00e9preuve et sa capacit\u00e9 \u00e0 s'adapter\u2026","rel":"","context":"Article similaire","block_context":{"text":"Article similaire","link":""},"img":{"alt_text":"Autolaveuse JMX 43","src":"https:\/\/i0.wp.com\/www.apfnhygiene.bzh\/wp-content\/uploads\/2026\/03\/1768819150723-jmx_43_bt_entire_fisheye_2000x2000_rgb.jpg?resize=350%2C200&ssl=1","width":350,"height":200},"classes":[]},{"id":2953,"url":"https:\/\/www.apfnhygiene.bzh\/index.php\/autolaveuse-a-batterie-244nx\/","url_meta":{"origin":4915,"position":4},"title":"AUTOLAVEUSE 440NX\u00a0","author":"C\u00e9line Geffroy","date":"7 mai 2021","format":false,"excerpt":"244NX : Autolaveuse compacte \u00e0 batterie Puissante, efficace, ne laissant aucune trace, l'autolaveuse batterie Lithium 244NX a \u00e9t\u00e9 con\u00e7ue pour vous accompagner jour apr\u00e8s jour, quel que soit votre environnement de travail. Ultra maniable et l\u00e9g\u00e8re, elle est simple \u00e0 utiliser et se glisse dans les zones encombr\u00e9es pour un\u2026","rel":"","context":"Article similaire","block_context":{"text":"Article similaire","link":""},"img":{"alt_text":"","src":"https:\/\/i0.wp.com\/www.apfnhygiene.bzh\/wp-content\/uploads\/2021\/05\/244NX-1.png?resize=350%2C200&ssl=1","width":350,"height":200},"classes":[]},{"id":5163,"url":"https:\/\/www.apfnhygiene.bzh\/index.php\/genie-b\/","url_meta":{"origin":4915,"position":5},"title":"Genie B","author":"C\u00e9line Geffroy","date":"22 ao\u00fbt 2025","format":false,"excerpt":"Genie B : La petite autolaveuse qui fait de grandes diff\u00e9rences La Genie B est une autolaveuse compacte et ergonomique, con\u00e7ue pour remplacer efficacement les m\u00e9thodes de nettoyage manuelles. Gr\u00e2ce \u00e0 son syst\u00e8me \u00e0 brosse et \u00e0 aspiration int\u00e9gr\u00e9e, elle lave, s\u00e8che et hygi\u00e9nise les sols en un seul passage.Id\u00e9ale\u2026","rel":"","context":"Article similaire","block_context":{"text":"Article similaire","link":""},"img":{"alt_text":"","src":"https:\/\/i0.wp.com\/www.apfnhygiene.bzh\/wp-content\/uploads\/2025\/08\/Capture-decran-2025-08-22-143953.png?resize=350%2C200&ssl=1","width":350,"height":200,"srcset":"https:\/\/i0.wp.com\/www.apfnhygiene.bzh\/wp-content\/uploads\/2025\/08\/Capture-decran-2025-08-22-143953.png?resize=350%2C200&ssl=1 1x, https:\/\/i0.wp.com\/www.apfnhygiene.bzh\/wp-content\/uploads\/2025\/08\/Capture-decran-2025-08-22-143953.png?resize=525%2C300&ssl=1 1.5x, https:\/\/i0.wp.com\/www.apfnhygiene.bzh\/wp-content\/uploads\/2025\/08\/Capture-decran-2025-08-22-143953.png?resize=700%2C400&ssl=1 2x"},"classes":[]}],"_links":{"self":[{"href":"https:\/\/www.apfnhygiene.bzh\/index.php\/wp-json\/wp\/v2\/pages\/4915","targetHints":{"allow":["GET"]}}],"collection":[{"href":"https:\/\/www.apfnhygiene.bzh\/index.php\/wp-json\/wp\/v2\/pages"}],"about":[{"href":"https:\/\/www.apfnhygiene.bzh\/index.php\/wp-json\/wp\/v2\/types\/page"}],"author":[{"embeddable":true,"href":"https:\/\/www.apfnhygiene.bzh\/index.php\/wp-json\/wp\/v2\/users\/2"}],"replies":[{"embeddable":true,"href":"https:\/\/www.apfnhygiene.bzh\/index.php\/wp-json\/wp\/v2\/comments?post=4915"}],"version-history":[{"count":14,"href":"https:\/\/www.apfnhygiene.bzh\/index.php\/wp-json\/wp\/v2\/pages\/4915\/revisions"}],"predecessor-version":[{"id":6178,"href":"https:\/\/www.apfnhygiene.bzh\/index.php\/wp-json\/wp\/v2\/pages\/4915\/revisions\/6178"}],"wp:attachment":[{"href":"https:\/\/www.apfnhygiene.bzh\/index.php\/wp-json\/wp\/v2\/media?parent=4915"}],"curies":[{"name":"wp","href":"https:\/\/api.w.org\/{rel}","templated":true}]}}